{"id":3080,"date":"2025-12-01T10:53:49","date_gmt":"2025-12-01T09:53:49","guid":{"rendered":"https:\/\/cyclo.wp.steppers.be\/?page_id=3080"},"modified":"2026-02-10T16:59:03","modified_gmt":"2026-02-10T15:59:03","slug":"mentions-legales","status":"publish","type":"page","link":"https:\/\/cyclo.org\/nl\/mentions-legales\/","title":{"rendered":"Wettelijke vermeldingen"},"content":{"rendered":"<div data-elementor-type=\"wp-page\" data-elementor-id=\"3080\" class=\"elementor elementor-3080\" data-elementor-post-type=\"page\">\n\t\t\t\t<div class=\"elementor-element elementor-element-f877351 e-flex e-con-boxed e-con e-parent\" data-id=\"f877351\" data-element_type=\"container\" data-e-type=\"container\">\n\t\t\t\t\t<div class=\"e-con-inner\">\n\t\t\t\t<div class=\"elementor-element elementor-element-50d317c elementor-widget elementor-widget-heading\" data-id=\"50d317c\" data-element_type=\"widget\" data-e-type=\"widget\" data-widget_type=\"heading.default\">\n\t\t\t\t\t<h1 class=\"elementor-heading-title elementor-size-default\">WETTELIJKE BEPALINGEN<\/h1>\t\t\t\t<\/div>\n\t\t\t\t<div class=\"elementor-element elementor-element-0a40f2a elementor-widget elementor-widget-text-editor\" data-id=\"0a40f2a\" data-element_type=\"widget\" data-e-type=\"widget\" data-widget_type=\"text-editor.default\">\n\t\t\t\t\t\t\t\t\t<h2>EIGENAAR VAN DE SITE<\/h2><p>CyCLO asbl<br \/>Maatschappelijke zetel: Vlaamsesteenweg 85, 1000 Brussel<br \/>TVA BE0862.000.792<br \/>cyclo@cyclo.org<br \/>02 512 68 90<\/p><p>Verantwoordelijke Uitgever: Marie Verkaeren<\/p><h2>Webhost<\/h2><p>Infomaniak Network SA<br \/>Rue Eug\u00e8ne Marziano 25<br \/>1227 Les Acacias (GE)<\/p><p><a href=\"https:\/\/www.infomaniak.com\" target=\"_blank\" rel=\"noopener noreferrer nofollow\">www.infomaniak.com<\/a><br \/>www.infomaniak.com\/fr\/aide<\/p><p><img decoding=\"async\" src=\"https:\/\/app.greenweb.org\/api\/v3\/greencheckimage\/cyclo.org?nocache=true\" alt=\"This website runs on green hosting - verified by thegreenwebfoundation.org\" width=\"200px\" height=\"95px\" \/><\/p><p>Webdesign en ontwikkeling <a href=\"http:\/\/www.steppers.be\" target=\"_blank\" rel=\"noopener noreferrer nofollow\">www.steppers.be<\/a><\/p><h2>Intellectueel eigendom<\/h2><p>De inhoud van de website cyclo.org, met inbegrip van maar niet beperkt tot teksten, afbeeldingen, illustraties, logo\u2019s, video\u2019s, tools en downloadbare bronnen, is beschermd door het auteursrecht. Deze inhoud is het exclusieve eigendom van CyCLO of haar partners, of wordt verspreid met toestemming van de auteurs. Elke reproductie, wijziging, aanpassing, publicatie of herverdeling, zelfs gedeeltelijk, is verboden zonder voorafgaande schriftelijke toestemming van CyCLO of de betrokken auteurs. Gelieve het creatieve werk te respecteren door de bronnen te vermelden wanneer dit is toegestaan.<\/p><h2>Aansprakelijkheid<\/h2><p>CyCLO streeft ernaar de juistheid en actualiteit van de informatie op de website zo goed mogelijk te waarborgen. Zij kan echter geen garantie geven voor de juistheid, volledigheid of actualiteit van de informatie die op de website wordt aangeboden. CyCLO aanvaardt geen enkele aansprakelijkheid voor het gebruik dat van de inhoud van de website wordt gemaakt.<\/p><h2>Cookies<\/h2><p>De website cyclo.org gebruikt cookies om de navigatie te verbeteren en het verkeer te analyseren. Bij het eerste bezoek van de gebruiker verschijnt een toestemmingsbanner om zijn of haar toestemming te verkrijgen. U kunt de cookie-instellingen op elk moment aanpassen.<\/p><h2>Links naar andere websites<\/h2><p>De website kan links bevatten naar andere websites, met name van partners en informatiebronnen. CyCLO kan niet verantwoordelijk worden gesteld voor de inhoud van websites van derden waar de gebruiker via deze links toegang toe krijgt.<\/p>\t\t\t\t\t\t\t\t<\/div>\n\t\t\t\t\t<\/div>\n\t\t\t\t<\/div>\n\t\t\t\t<\/div>","protected":false},"excerpt":{"rendered":"<p>MENTIONS L\u00c9GALES Propri\u00e9taire du site CyCLO asblSi\u00e8ge social : rue de Flandre 85, 1000 BruxellesTVA BE0862.000.792cyclo@cyclo.org02 512 68 90 Directeur\u00b7trice de la publication : Marie Verkaeren H\u00e9bergeur du site Infomaniak Network SARue Eug\u00e8ne Marziano 251227 Les Acacias (GE) www.infomaniak.comwww.infomaniak.com\/fr\/aide Web design et d\u00e9veloppement\u00a0: www.steppers.be Propri\u00e9t\u00e9 intellectuelle Le contenu du site cyclo.org, incluant mais sans s\u2019y [&hellip;]<\/p>\n","protected":false},"author":5,"featured_media":0,"parent":0,"menu_order":0,"comment_status":"closed","ping_status":"closed","template":"","meta":{"_acf_changed":false,"footnotes":""},"class_list":["post-3080","page","type-page","status-publish","hentry"],"acf":[],"yoast_head":"<!-- This site is optimized with the Yoast SEO plugin v27.4 - https:\/\/yoast.com\/product\/yoast-seo-wordpress\/ -->\n<title>Mentions l\u00e9gales - CyCLO | r\u00e9pare, forme, r\u00e9emploie et exp\u00e9rimente<\/title>\n<meta name=\"description\" content=\"Avec une \u00e9quipe de m\u00e9canicien\u00b7ne\u00b7s passionn\u00e9\u00b7e\u00b7s et 10 ateliers \u00e9quip\u00e9s pour rendre service \u00e0 tous les v\u00e9los et les cyclistes qui roulent \u00e0 Bruxelles.\" \/>\n<meta name=\"robots\" content=\"index, follow, max-snippet:-1, max-image-preview:large, max-video-preview:-1\" \/>\n<link rel=\"canonical\" href=\"https:\/\/cyclo.org\/nl\/mentions-legales\/\" \/>\n<meta property=\"og:locale\" content=\"nl_BE\" \/>\n<meta property=\"og:type\" content=\"article\" \/>\n<meta property=\"og:title\" content=\"Mentions l\u00e9gales - CyCLO | r\u00e9pare, forme, r\u00e9emploie et exp\u00e9rimente\" \/>\n<meta property=\"og:description\" content=\"Avec une \u00e9quipe de m\u00e9canicien\u00b7ne\u00b7s passionn\u00e9\u00b7e\u00b7s et 10 ateliers \u00e9quip\u00e9s pour rendre service \u00e0 tous les v\u00e9los et les cyclistes qui roulent \u00e0 Bruxelles.\" \/>\n<meta property=\"og:url\" content=\"https:\/\/cyclo.org\/nl\/mentions-legales\/\" \/>\n<meta property=\"og:site_name\" content=\"CyCLO | r\u00e9pare, forme, r\u00e9emploie et exp\u00e9rimente\" \/>\n<meta property=\"article:modified_time\" content=\"2026-02-10T15:59:03+00:00\" \/>\n<meta property=\"og:image\" content=\"https:\/\/app.greenweb.org\/api\/v3\/greencheckimage\/cyclo.org?nocache=true\" \/>\n<meta name=\"twitter:card\" content=\"summary_large_image\" \/>\n<meta name=\"twitter:label1\" content=\"Geschatte leestijd\" \/>\n\t<meta name=\"twitter:data1\" content=\"2 minuten\" \/>\n<script type=\"application\/ld+json\" class=\"yoast-schema-graph\">{\"@context\":\"https:\\\/\\\/schema.org\",\"@graph\":[{\"@type\":\"WebPage\",\"@id\":\"https:\\\/\\\/cyclo.org\\\/mentions-legales\\\/\",\"url\":\"https:\\\/\\\/cyclo.org\\\/mentions-legales\\\/\",\"name\":\"Mentions l\u00e9gales - CyCLO | r\u00e9pare, forme, r\u00e9emploie et exp\u00e9rimente\",\"isPartOf\":{\"@id\":\"https:\\\/\\\/cyclo.org\\\/#website\"},\"primaryImageOfPage\":{\"@id\":\"https:\\\/\\\/cyclo.org\\\/mentions-legales\\\/#primaryimage\"},\"image\":{\"@id\":\"https:\\\/\\\/cyclo.org\\\/mentions-legales\\\/#primaryimage\"},\"thumbnailUrl\":\"https:\\\/\\\/app.greenweb.org\\\/api\\\/v3\\\/greencheckimage\\\/cyclo.org?nocache=true\",\"datePublished\":\"2025-12-01T09:53:49+00:00\",\"dateModified\":\"2026-02-10T15:59:03+00:00\",\"description\":\"Avec une \u00e9quipe de m\u00e9canicien\u00b7ne\u00b7s passionn\u00e9\u00b7e\u00b7s et 10 ateliers \u00e9quip\u00e9s pour rendre service \u00e0 tous les v\u00e9los et les cyclistes qui roulent \u00e0 Bruxelles.\",\"breadcrumb\":{\"@id\":\"https:\\\/\\\/cyclo.org\\\/mentions-legales\\\/#breadcrumb\"},\"inLanguage\":\"nl-BE\",\"potentialAction\":[{\"@type\":\"ReadAction\",\"target\":[\"https:\\\/\\\/cyclo.org\\\/mentions-legales\\\/\"]}]},{\"@type\":\"ImageObject\",\"inLanguage\":\"nl-BE\",\"@id\":\"https:\\\/\\\/cyclo.org\\\/mentions-legales\\\/#primaryimage\",\"url\":\"https:\\\/\\\/app.greenweb.org\\\/api\\\/v3\\\/greencheckimage\\\/cyclo.org?nocache=true\",\"contentUrl\":\"https:\\\/\\\/app.greenweb.org\\\/api\\\/v3\\\/greencheckimage\\\/cyclo.org?nocache=true\"},{\"@type\":\"BreadcrumbList\",\"@id\":\"https:\\\/\\\/cyclo.org\\\/mentions-legales\\\/#breadcrumb\",\"itemListElement\":[{\"@type\":\"ListItem\",\"position\":1,\"name\":\"Home\",\"item\":\"https:\\\/\\\/cyclo.org\\\/\"},{\"@type\":\"ListItem\",\"position\":2,\"name\":\"Mentions l\u00e9gales\"}]},{\"@type\":\"WebSite\",\"@id\":\"https:\\\/\\\/cyclo.org\\\/#website\",\"url\":\"https:\\\/\\\/cyclo.org\\\/\",\"name\":\"CyCLO | r\u00e9pare, forme, r\u00e9emploie et exp\u00e9rimente\",\"description\":\"r\u00e9pare, forme, r\u00e9emploie et exp\u00e9rimente\",\"publisher\":{\"@id\":\"https:\\\/\\\/cyclo.org\\\/#organization\"},\"potentialAction\":[{\"@type\":\"SearchAction\",\"target\":{\"@type\":\"EntryPoint\",\"urlTemplate\":\"https:\\\/\\\/cyclo.org\\\/?s={search_term_string}\"},\"query-input\":{\"@type\":\"PropertyValueSpecification\",\"valueRequired\":true,\"valueName\":\"search_term_string\"}}],\"inLanguage\":\"nl-BE\"},{\"@type\":\"Organization\",\"@id\":\"https:\\\/\\\/cyclo.org\\\/#organization\",\"name\":\"CyCLO\",\"url\":\"https:\\\/\\\/cyclo.org\\\/\",\"logo\":{\"@type\":\"ImageObject\",\"inLanguage\":\"nl-BE\",\"@id\":\"https:\\\/\\\/cyclo.org\\\/#\\\/schema\\\/logo\\\/image\\\/\",\"url\":\"https:\\\/\\\/cyclo.org\\\/wp-content\\\/uploads\\\/2025\\\/09\\\/logo-cyclo.webp\",\"contentUrl\":\"https:\\\/\\\/cyclo.org\\\/wp-content\\\/uploads\\\/2025\\\/09\\\/logo-cyclo.webp\",\"width\":161,\"height\":48,\"caption\":\"CyCLO\"},\"image\":{\"@id\":\"https:\\\/\\\/cyclo.org\\\/#\\\/schema\\\/logo\\\/image\\\/\"}}]}<\/script>\n<!-- \/ Yoast SEO plugin. -->","yoast_head_json":{"title":"Mentions l\u00e9gales - CyCLO | r\u00e9pare, forme, r\u00e9emploie et exp\u00e9rimente","description":"Met een team van gepassioneerde fietsmekaniekers en 10 ateliers staat CyCLO ten dienste van alle Brusselse fietsers.","robots":{"index":"index","follow":"follow","max-snippet":"max-snippet:-1","max-image-preview":"max-image-preview:large","max-video-preview":"max-video-preview:-1"},"canonical":"https:\/\/cyclo.org\/nl\/mentions-legales\/","og_locale":"nl_BE","og_type":"article","og_title":"Mentions l\u00e9gales - CyCLO | r\u00e9pare, forme, r\u00e9emploie et exp\u00e9rimente","og_description":"Avec une \u00e9quipe de m\u00e9canicien\u00b7ne\u00b7s passionn\u00e9\u00b7e\u00b7s et 10 ateliers \u00e9quip\u00e9s pour rendre service \u00e0 tous les v\u00e9los et les cyclistes qui roulent \u00e0 Bruxelles.","og_url":"https:\/\/cyclo.org\/nl\/mentions-legales\/","og_site_name":"CyCLO | r\u00e9pare, forme, r\u00e9emploie et exp\u00e9rimente","article_modified_time":"2026-02-10T15:59:03+00:00","og_image":[{"url":"https:\/\/app.greenweb.org\/api\/v3\/greencheckimage\/cyclo.org?nocache=true","type":"","width":"","height":""}],"twitter_card":"summary_large_image","twitter_misc":{"Geschatte leestijd":"2 minuten"},"schema":{"@context":"https:\/\/schema.org","@graph":[{"@type":"WebPage","@id":"https:\/\/cyclo.org\/mentions-legales\/","url":"https:\/\/cyclo.org\/mentions-legales\/","name":"Mentions l\u00e9gales - CyCLO | r\u00e9pare, forme, r\u00e9emploie et exp\u00e9rimente","isPartOf":{"@id":"https:\/\/cyclo.org\/#website"},"primaryImageOfPage":{"@id":"https:\/\/cyclo.org\/mentions-legales\/#primaryimage"},"image":{"@id":"https:\/\/cyclo.org\/mentions-legales\/#primaryimage"},"thumbnailUrl":"https:\/\/app.greenweb.org\/api\/v3\/greencheckimage\/cyclo.org?nocache=true","datePublished":"2025-12-01T09:53:49+00:00","dateModified":"2026-02-10T15:59:03+00:00","description":"Met een team van gepassioneerde fietsmekaniekers en 10 ateliers staat CyCLO ten dienste van alle Brusselse fietsers.","breadcrumb":{"@id":"https:\/\/cyclo.org\/mentions-legales\/#breadcrumb"},"inLanguage":"nl-BE","potentialAction":[{"@type":"ReadAction","target":["https:\/\/cyclo.org\/mentions-legales\/"]}]},{"@type":"ImageObject","inLanguage":"nl-BE","@id":"https:\/\/cyclo.org\/mentions-legales\/#primaryimage","url":"https:\/\/app.greenweb.org\/api\/v3\/greencheckimage\/cyclo.org?nocache=true","contentUrl":"https:\/\/app.greenweb.org\/api\/v3\/greencheckimage\/cyclo.org?nocache=true"},{"@type":"BreadcrumbList","@id":"https:\/\/cyclo.org\/mentions-legales\/#breadcrumb","itemListElement":[{"@type":"ListItem","position":1,"name":"Home","item":"https:\/\/cyclo.org\/"},{"@type":"ListItem","position":2,"name":"Mentions l\u00e9gales"}]},{"@type":"WebSite","@id":"https:\/\/cyclo.org\/#website","url":"https:\/\/cyclo.org\/","name":"CyCLO | r\u00e9pare, forme, r\u00e9emploie et exp\u00e9rimente","description":"r\u00e9pare, forme, r\u00e9emploie et exp\u00e9rimente","publisher":{"@id":"https:\/\/cyclo.org\/#organization"},"potentialAction":[{"@type":"SearchAction","target":{"@type":"EntryPoint","urlTemplate":"https:\/\/cyclo.org\/?s={search_term_string}"},"query-input":{"@type":"PropertyValueSpecification","valueRequired":true,"valueName":"search_term_string"}}],"inLanguage":"nl-BE"},{"@type":"Organization","@id":"https:\/\/cyclo.org\/#organization","name":"CyCLO","url":"https:\/\/cyclo.org\/","logo":{"@type":"ImageObject","inLanguage":"nl-BE","@id":"https:\/\/cyclo.org\/#\/schema\/logo\/image\/","url":"https:\/\/cyclo.org\/wp-content\/uploads\/2025\/09\/logo-cyclo.webp","contentUrl":"https:\/\/cyclo.org\/wp-content\/uploads\/2025\/09\/logo-cyclo.webp","width":161,"height":48,"caption":"CyCLO"},"image":{"@id":"https:\/\/cyclo.org\/#\/schema\/logo\/image\/"}}]}},"_links":{"self":[{"href":"https:\/\/cyclo.org\/nl\/wp-json\/wp\/v2\/pages\/3080","targetHints":{"allow":["GET"]}}],"collection":[{"href":"https:\/\/cyclo.org\/nl\/wp-json\/wp\/v2\/pages"}],"about":[{"href":"https:\/\/cyclo.org\/nl\/wp-json\/wp\/v2\/types\/page"}],"author":[{"embeddable":true,"href":"https:\/\/cyclo.org\/nl\/wp-json\/wp\/v2\/users\/5"}],"replies":[{"embeddable":true,"href":"https:\/\/cyclo.org\/nl\/wp-json\/wp\/v2\/comments?post=3080"}],"version-history":[{"count":37,"href":"https:\/\/cyclo.org\/nl\/wp-json\/wp\/v2\/pages\/3080\/revisions"}],"predecessor-version":[{"id":4918,"href":"https:\/\/cyclo.org\/nl\/wp-json\/wp\/v2\/pages\/3080\/revisions\/4918"}],"wp:attachment":[{"href":"https:\/\/cyclo.org\/nl\/wp-json\/wp\/v2\/media?parent=3080"}],"curies":[{"name":"wp","href":"https:\/\/api.w.org\/{rel}","templated":true}]}}